{"id":769,"date":"2026-05-28T17:00:00","date_gmt":"2026-05-28T15:00:00","guid":{"rendered":"https:\/\/marokkospezialist.de\/?page_id=769"},"modified":"2026-08-28T23:50:19","modified_gmt":"2026-08-28T21:50:19","slug":"individualreise-klassisch","status":"publish","type":"page","link":"https:\/\/marokkospezialist.de\/en\/individualreise-klassisch\/","title":{"rendered":"Individualreise klassisch"},"content":{"rendered":"<div data-elementor-type=\"wp-page\" data-elementor-id=\"769\" class=\"elementor elementor-769\" data-elementor-post-type=\"page\">\n\t\t\t\t<div class=\"elementor-element elementor-element-8a663bf e-con-full e-flex e-con e-parent\" data-id=\"8a663bf\" data-element_type=\"container\" data-e-type=\"container\" data-settings=\"{&quot;background_background&quot;:&quot;classic&quot;}\">\n\t\t<div class=\"elementor-element elementor-element-a2492e6 e-con-full e-flex e-con e-child\" data-id=\"a2492e6\" data-element_type=\"container\" data-e-type=\"container\">\n\t\t\t\t<div class=\"elementor-element elementor-element-8863b36 elementor-widget elementor-widget-heading\" data-id=\"8863b36\" data-element_type=\"widget\" data-e-type=\"widget\" data-widget_type=\"heading.default\">\n\t\t\t\t\t<h2 class=\"elementor-heading-title elementor-size-default\">Klassische Rundreise - 15 Tage<\/h2>\t\t\t\t<\/div>\n\t\t\t\t<div class=\"elementor-element elementor-element-4f610e6 elementor-widget elementor-widget-text-editor\" data-id=\"4f610e6\" data-element_type=\"widget\" data-e-type=\"widget\" data-widget_type=\"text-editor.default\">\n\t\t\t\t\t\t\t\t\t<p><strong>Die Reise zum Kennenlernen<\/strong> des Landes. Sie ber\u00fchrt alle Kernpunkte &#8211; die St\u00e4dte, den Atlantik, das Atlasgebirge und die W\u00fcste. Sie ist so konzipiert, da\u00df <strong>Abenteuer, Kultur und Erholung<\/strong> gleicherma\u00dfen zu genie\u00dfen sind.\u00a0<\/p><p><b>01. Tag\u00a0 \u00a0Ankunft in Casablanca<\/b><\/p><p>Abholung durch unseren Fahrer vom Flughafen und Transfer ins Hotel (4*, F) direkt am Atlantik. Je nach Ankunftszeit bietet sich ein Bummel \u00fcber die Promenade am Atlantik, die Flaniermeile Casablancas oder ein Aufenthalt am Strand an. Vom Stra\u00dfenrestaurant bis zur gehobenen Gastronomie ist alles fu\u00dfl\u00e4ufig zu erreichen.<\/p><p><b>02. Tag\u00a0 \u00a0Casablanca &#8211; Marrakesch<\/b><\/p><p>Am Vormittag Besichtigung der Gro\u00dfen Mosch\u00e9e Hassan II mit deutschsprachiger F\u00fchrung. Kleine Stadtrundfahrt. Weiterfahrt nach Marrakesch. Ankunft am Nachmittag im Hotel (3*, F) direkt am Djema el Fnaa. Abenderlebnis des ber\u00fchmten Platzes, der sich allabendlich in eine riesige Gark\u00fcche unter freiem Himmel verwandelt.<\/p><p><b>03. Tag\u00a0 \u00a0In Marrakesch<\/b><\/p><p>Am Vormittag Abholung durch unseren Stadtf\u00fchrer zur Besichtigung eines Palastes, der Medersa Ben Youssef und Besuch der Souks, der Gassen der Handwerker und H\u00e4ndler. Nachmittag zur freien Verf\u00fcgung. Wir haben Vorschl\u00e4ge f\u00fcr Unternehmungen.<\/p><p><b>04. Tag\u00a0 \u00a0Marrakesch &#8211; Ait Ben Haddou<\/b><\/p><p>Imposante Fahrt \u00fcber den Hohen Atlas via Tizi n&#8216; Tichka, Pa\u00df in 2260m H\u00f6he. Ab Pa\u00dfh\u00f6he auf einer Nebenstrecke (Klima abh\u00e4ngig) \u00fcber Telouet nach Ait Ben Haddou, der \u00e4ltesten noch bewohnten Wohnwehrburg im Hohen Atlas. \u00dcbernachtung nach Wahl im Hotel (3*, HP) oder bei unseren Berber-Freunden in der Privat-Herberge (unklassifiziert, HP) vor der Kulisse des Weltkulturerbes von Ait Ben Haddou.<\/p><p><b>05. Tag\u00a0 \u00a0Ait Ben Haddou &#8211; Boumalne du Dades<\/b><\/p><p>Nach einem geruhsamen Fr\u00fchst\u00fcck Aufstieg zum Kasbah-H\u00fcgel mit einem Einheimischen. Gegen Mittag Weiterfahrt \u00fcber Ouarzazate in die ber\u00fchmte Stra\u00dfe der Kasbahs bis Boumalne du Dades. \u00dcbernachtung im Kasbah-Hotel (4*, HP) oberhalb der Dades-Tal-Oase mit einem traumhaften \u00dcberblick.<\/p><p><b>06. Tag\u00a0 \u00a0Boumalne du Dades &#8211; Todgha-Schlucht<\/b><\/p><p>Eine beeindruckende, abenteuerliche Route! Durch die Dades-Schlucht geht es hinauf auf die Hochebene nach Agoudal, einem autarken Berber-St\u00e4dtchen in 2.400 m H\u00f6he. Die Ausblicke in die Bergwelt und ihre T\u00e4ler sind atemberaubend. Durch die Todgha-Schlucht geht es wieder hinab bis zum Kasbah-Hotel (3*, HP) inmitten der Schlucht.<\/p><p><b>07. Tag\u00a0 \u00a0Todgha-Schlucht &#8211; W\u00fcste Erg Chebbi<\/b><\/p><p>Nach einem sch\u00f6nen Vormittag im Schlucht-Hotel, Start zur Fahrt in die W\u00fcste! \u00dcber Tineghir, Tinjdad und Alnif durch Vorw\u00fcstengebiete ist Rissani am Nachmittag erreicht und es geht hinaus in die gro\u00dfe Weite der Hamada bis an die D\u00fcnen des Erg Chebbi zum Einchecken ins traumhaft sch\u00f6ne Hotel\u00a0 Kasbah Mohayut (alle * des W\u00fcstenhimmels, VP).\u00a0<\/p><p><b>08. Tag\u00a0 \u00a0In der W\u00fcste<\/b><\/p><p>Vormittags Start mit dem Gel\u00e4ndefahrzeug zur Umrundung des Erg Chebbi. Besuch bei den Halbnomaden und dem Stamm der Haratins, Nachkommen der Schwarzafrikaner, die einst als Sklaven hierher kamen. Zur Mittagsrast Aufenthalt in einer kleinen Oase.\u00a0 Nachmittags R\u00fcckkehr zur Kasbah Mohayut zur Erholung in den sch\u00f6nen Inneng\u00e4rten am\/im Pool. Zum Sonnenuntergang Ritt per Dromedar in die D\u00fcnen. Auf Wunsch kann die \u00dcbernachtung im Camp in den D\u00fcnen stattfinden.<\/p><p><b>09. Tag\u00a0 \u00a0In der W\u00fcste<\/b><\/p><p>Am Vormittag Fahrt nach Rissani, dem gro\u00dfen Warenumschlagsplatz aller Waren in und aus der W\u00fcste mit einem sehr authentischen und traditionellen Markt. Rissani siedelt auf den Ruinen der legend\u00e4ren W\u00fcstenstadt Sijilmassa, die im Altertum an die 25.000 Einwohner gez\u00e4hlt haben soll. Hier gibt es Geschichte zu erleben. Der Rest des Tages dient dem gem\u00fctlichen Faulenzen.<\/p><p><b>10. Tag\u00a0 \u00a0W\u00fcste &#8211; Midelt<\/b><\/p><p>\u00dcber Erfoud f\u00fchrt die Stra\u00dfe hinaus aus der W\u00fcste ins Ziz-Tal, Marokkos gr\u00f6\u00dfte zusammenh\u00e4ngende Dattelpalmen-Oase. Vorbei am farblich malerischen Stausee von Errachidia geht es in den Hohen Atlas &#8211; eine Augenweide nicht nur f\u00fcr Geologen! Am Abend ist Midelt erreicht, das ehemalige Bergarbeiter-St\u00e4dtchen auf der Hochebene vor dem Mittleren Atlas. \u00dcbernachtung im traditionellem Kasbah-Hotel (4*, HP) mit Blick auf den Djebel Ayachi, ein meist schneebedeckter 4.000er Gipfel.<\/p><p><b>11. Tag\u00a0 \u00a0Midelt &#8211; F\u00e8s<\/b><\/p><p>Durch Vulkan-Landschaft geht es \u00fcber die Hochebene schlie\u00dflich in den Mittleren Atlas und seine Zedernw\u00e4lder. Hier leben die Berberaffen in freier Wildbahn. Meistens trifft man auf die kleinen Horden an einem der Rastpl\u00e4tze. Sp\u00e4ter geht es \u00fcber Ifrane nur noch bergab durch die Saiss-Ebene, das gr\u00f6\u00dfte Obst-Anbaugebiet Marokkos. Auf der Nordseite der imposanten Altstadt von F\u00e8s liegt das Hotel (4*, HP) auf der Anh\u00f6he mit Blick auf die Medina und Weitblick bis in das Atlasgebirge.<\/p><p><b>12. Tag\u00a0 \u00a0In F\u00e8s<\/b><\/p><p>Ein Tag f\u00fcr die orientalische K\u00f6nigsstadt mit der \u00e4ltesten geschlossenen Medina der Welt. Mit einem F\u00fchrer geht es am Vormittag durch die quirligen Souks der Handwerker und H\u00e4ndler und zu den historischen St\u00e4tten, wie der Medersa Bou Inania und der Al Qarawiyin, der \u00e4ltesten Universit\u00e4t der Welt.\u00a0Abends Erholung auf der sch\u00f6nen Hotelterrasse.<\/p><p><b>13. Tag\u00a0 \u00a0F\u00e8s &#8211; M\u00e8knes &#8211; Rabat<\/b><\/p><p>Das Ziel ist heute die Hauptstadt des Landes, die K\u00f6nigsstadt Rabat. An der Route liegt M\u00e8knes, die kleinste der K\u00f6nigsst\u00e4dte mit den m\u00e4chtigsten Bauwerken und einer beeindruckenden ca. 40 km langen Stadtmauer, in der auch das Bab Mansour, das sch\u00f6nste Stadttor liegt. Somit ist der mittlere Teil des Tages der Besichtigung der Sehensw\u00fcrdigkeiten gewidmet. Dazu geh\u00f6rt der gro\u00dfe Getreidespeicher mit seinen einzigartigen Arkadeng\u00e4ngen, das gro\u00dfe Wasserbecken und das Mausoleum. Vom zentralen Platz geht der Lebensmittel-Markt ab, dessen Besuch sich schon der handgefertigten Kekse wegen lohnt. Am Nachmittag geht es dann z\u00fcgig \u00fcber die Autobahn nach Rabat durch eine sch\u00f6ne Landschaft. \u00dcbernachtung im Traditionshotel direkt an der Medina (4*, HP). F\u00fcr den Abend bietet sich noch ein Spaziergang an hin\u00fcber zur Kasbah des Oudaias und an die Uferpromenade des Bouregreg, der hier in den Atlantik m\u00fcndet.\u00a0<\/p><p><b>14. Tag\u00a0 \u00a0In Rabat<\/b><\/p><p>Mit einem Stadtf\u00fchrer werden am Vormittag die Sehensw\u00fcrdigkeiten besichtigt: Das Mausoleum der K\u00f6nige am Hassan-Turm, das K\u00f6nigspalastviertel, die Chellah &#8211; Nekropole der M\u00e9riniden-Dynastie auf r\u00f6mischen Grundmauern. Eine Fahrt hin\u00fcber nach Sal\u00e9, der Schwesterstadt am gegen\u00fcber liegenden Flu\u00dfufer ist zu empfehlen, verbunden mit einem Mittagessen in der Marina (nicht im Reisepreis enthalten) mit Blick auf die Silhouette von Rabat. Seit 2026 gilt der futuristische Mohamed VI Tower mit 250 m H\u00f6he als neues Wahrzeichen der Stadt &#8211; nicht zu \u00fcbersehen! Ein Besuch in der 51. \u00c9tage auf der Aussichtsplattform kann bedingt erm\u00f6glicht werden.<\/p><p><b>15. Tag\u00a0 \u00a0R\u00fcckflug aus Casablanca oder Rabat<\/b><\/p><p>Transfer zum Flughafen und Verabschiedung vom Fahrer.<\/p><p>\u00a0<\/p><p><b>Preis:\u00a0 \u00a0 \u00a0EUR 2.538,00 pro Person <\/b>bei Buchung von 2 Personen<\/p><p>Zahlungsbedingungen und Leistungen siehe unter Informationen<\/p><p>\u00a0<\/p>\t\t\t\t\t\t\t\t<\/div>\n\t\t\t\t<\/div>\n\t\t<div class=\"elementor-element elementor-element-aac2b2e e-con-full e-flex e-con e-child\" data-id=\"aac2b2e\" data-element_type=\"container\" data-e-type=\"container\">\n\t\t\t\t<div class=\"elementor-element elementor-element-eb7c481 elementor-widget elementor-widget-image\" data-id=\"eb7c481\" data-element_type=\"widget\" data-e-type=\"widget\" data-widget_type=\"image.default\">\n\t\t\t\t\t\t\t\t\t\t\t\t<figure class=\"wp-caption\">\n\t\t\t\t\t\t\t\t\t\t\t<a href=\"https:\/\/marokkospezialist.de\/wp-content\/uploads\/2026\/08\/casablanca_moschee.jpeg\" data-elementor-open-lightbox=\"yes\" data-e-action-hash=\"#elementor-action%3Aaction%3Dlightbox%26settings%3DeyJpZCI6MTY3NSwidXJsIjoiaHR0cHM6XC9cL21hcm9ra29zcGV6aWFsaXN0LmRlXC93cC1jb250ZW50XC91cGxvYWRzXC8yMDI2XC8wOFwvY2FzYWJsYW5jYV9tb3NjaGVlLmpwZWcifQ%3D%3D\">\n\t\t\t\t\t\t\t<img fetchpriority=\"high\" decoding=\"async\" width=\"768\" height=\"1024\" src=\"https:\/\/marokkospezialist.de\/wp-content\/uploads\/2026\/08\/casablanca_moschee-768x1024.jpeg\" class=\"attachment-medium_large size-medium_large wp-image-1675\" alt=\"casablanca_moschee\" srcset=\"https:\/\/marokkospezialist.de\/wp-content\/uploads\/2026\/08\/casablanca_moschee-768x1024.jpeg 768w, https:\/\/marokkospezialist.de\/wp-content\/uploads\/2026\/08\/casablanca_moschee-225x300.jpeg 225w, https:\/\/marokkospezialist.de\/wp-content\/uploads\/2026\/08\/casablanca_moschee-1152x1536.jpeg 1152w, https:\/\/marokkospezialist.de\/wp-content\/uploads\/2026\/08\/casablanca_moschee-9x12.jpeg 9w, https:\/\/marokkospezialist.de\/wp-content\/uploads\/2026\/08\/casablanca_moschee.jpeg 1200w\" sizes=\"(max-width: 768px) 100vw, 768px\" \/>\t\t\t\t\t\t\t\t<\/a>\n\t\t\t\t\t\t\t\t\t\t\t<figcaption class=\"widget-image-caption wp-caption-text\">Moschee Casablanca<\/figcaption>\n\t\t\t\t\t\t\t\t\t\t<\/figure>\n\t\t\t\t\t\t\t\t\t<\/div>\n\t\t\t\t<div class=\"elementor-element elementor-element-dc20338 elementor-widget elementor-widget-image\" data-id=\"dc20338\" data-element_type=\"widget\" data-e-type=\"widget\" data-widget_type=\"image.default\">\n\t\t\t\t\t\t\t\t\t\t\t\t\t\t\t\t<a href=\"https:\/\/marokkospezialist.de\/wp-content\/uploads\/2026\/08\/rabat_Koenigspalast.jpeg\" data-elementor-open-lightbox=\"yes\" data-e-action-hash=\"#elementor-action%3Aaction%3Dlightbox%26settings%3DeyJpZCI6MTY3NiwidXJsIjoiaHR0cHM6XC9cL21hcm9ra29zcGV6aWFsaXN0LmRlXC93cC1jb250ZW50XC91cGxvYWRzXC8yMDI2XC8wOFwvcmFiYXRfS29lbmlnc3BhbGFzdC5qcGVnIn0%3D\">\n\t\t\t\t\t\t\t<img decoding=\"async\" width=\"768\" height=\"512\" src=\"https:\/\/marokkospezialist.de\/wp-content\/uploads\/2026\/08\/rabat_Koenigspalast-768x512.jpeg\" class=\"attachment-medium_large size-medium_large wp-image-1676\" alt=\"\" srcset=\"https:\/\/marokkospezialist.de\/wp-content\/uploads\/2026\/08\/rabat_Koenigspalast-768x512.jpeg 768w, https:\/\/marokkospezialist.de\/wp-content\/uploads\/2026\/08\/rabat_Koenigspalast-300x200.jpeg 300w, https:\/\/marokkospezialist.de\/wp-content\/uploads\/2026\/08\/rabat_Koenigspalast-1024x682.jpeg 1024w, https:\/\/marokkospezialist.de\/wp-content\/uploads\/2026\/08\/rabat_Koenigspalast-1536x1023.jpeg 1536w, https:\/\/marokkospezialist.de\/wp-content\/uploads\/2026\/08\/rabat_Koenigspalast-18x12.jpeg 18w, https:\/\/marokkospezialist.de\/wp-content\/uploads\/2026\/08\/rabat_Koenigspalast.jpeg 1600w\" sizes=\"(max-width: 768px) 100vw, 768px\" \/>\t\t\t\t\t\t\t\t<\/a>\n\t\t\t\t\t\t\t\t\t\t\t\t\t\t\t<\/div>\n\t\t\t\t<div class=\"elementor-element elementor-element-b8563f8 elementor-widget elementor-widget-image\" data-id=\"b8563f8\" data-element_type=\"widget\" data-e-type=\"widget\" data-widget_type=\"image.default\">\n\t\t\t\t\t\t\t\t\t\t\t\t\t\t\t\t<a href=\"https:\/\/marokkospezialist.de\/wp-content\/uploads\/2026\/08\/rabat_mohamed_ttower.jpeg\" data-elementor-open-lightbox=\"yes\" data-e-action-hash=\"#elementor-action%3Aaction%3Dlightbox%26settings%3DeyJpZCI6MTY3NywidXJsIjoiaHR0cHM6XC9cL21hcm9ra29zcGV6aWFsaXN0LmRlXC93cC1jb250ZW50XC91cGxvYWRzXC8yMDI2XC8wOFwvcmFiYXRfbW9oYW1lZF90dG93ZXIuanBlZyJ9\">\n\t\t\t\t\t\t\t<img decoding=\"async\" width=\"768\" height=\"1024\" src=\"https:\/\/marokkospezialist.de\/wp-content\/uploads\/2026\/08\/rabat_mohamed_ttower-768x1024.jpeg\" class=\"attachment-medium_large size-medium_large wp-image-1677\" alt=\"\" srcset=\"https:\/\/marokkospezialist.de\/wp-content\/uploads\/2026\/08\/rabat_mohamed_ttower-768x1024.jpeg 768w, https:\/\/marokkospezialist.de\/wp-content\/uploads\/2026\/08\/rabat_mohamed_ttower-225x300.jpeg 225w, https:\/\/marokkospezialist.de\/wp-content\/uploads\/2026\/08\/rabat_mohamed_ttower-1152x1536.jpeg 1152w, https:\/\/marokkospezialist.de\/wp-content\/uploads\/2026\/08\/rabat_mohamed_ttower-9x12.jpeg 9w, https:\/\/marokkospezialist.de\/wp-content\/uploads\/2026\/08\/rabat_mohamed_ttower.jpeg 1200w\" sizes=\"(max-width: 768px) 100vw, 768px\" \/>\t\t\t\t\t\t\t\t<\/a>\n\t\t\t\t\t\t\t\t\t\t\t\t\t\t\t<\/div>\n\t\t\t\t<div class=\"elementor-element elementor-element-8e73cb8 elementor-widget elementor-widget-image\" data-id=\"8e73cb8\" data-element_type=\"widget\" data-e-type=\"widget\" data-widget_type=\"image.default\">\n\t\t\t\t\t\t\t\t\t\t\t\t\t\t\t\t<a href=\"https:\/\/marokkospezialist.de\/wp-content\/uploads\/2026\/08\/marrakesch_dachterrasse.jpeg\" data-elementor-open-lightbox=\"yes\" data-e-action-hash=\"#elementor-action%3Aaction%3Dlightbox%26settings%3DeyJpZCI6MTY3OCwidXJsIjoiaHR0cHM6XC9cL21hcm9ra29zcGV6aWFsaXN0LmRlXC93cC1jb250ZW50XC91cGxvYWRzXC8yMDI2XC8wOFwvbWFycmFrZXNjaF9kYWNodGVycmFzc2UuanBlZyJ9\">\n\t\t\t\t\t\t\t<img loading=\"lazy\" decoding=\"async\" width=\"800\" height=\"600\" src=\"https:\/\/marokkospezialist.de\/wp-content\/uploads\/2026\/08\/marrakesch_dachterrasse-1024x768.jpeg\" class=\"attachment-large size-large wp-image-1678\" alt=\"\" srcset=\"https:\/\/marokkospezialist.de\/wp-content\/uploads\/2026\/08\/marrakesch_dachterrasse-1024x768.jpeg 1024w, https:\/\/marokkospezialist.de\/wp-content\/uploads\/2026\/08\/marrakesch_dachterrasse-300x225.jpeg 300w, https:\/\/marokkospezialist.de\/wp-content\/uploads\/2026\/08\/marrakesch_dachterrasse-768x576.jpeg 768w, https:\/\/marokkospezialist.de\/wp-content\/uploads\/2026\/08\/marrakesch_dachterrasse-1536x1152.jpeg 1536w, https:\/\/marokkospezialist.de\/wp-content\/uploads\/2026\/08\/marrakesch_dachterrasse-16x12.jpeg 16w, https:\/\/marokkospezialist.de\/wp-content\/uploads\/2026\/08\/marrakesch_dachterrasse.jpeg 1600w\" sizes=\"(max-width: 800px) 100vw, 800px\" \/>\t\t\t\t\t\t\t\t<\/a>\n\t\t\t\t\t\t\t\t\t\t\t\t\t\t\t<\/div>\n\t\t\t\t<div class=\"elementor-element elementor-element-af75895 elementor-widget elementor-widget-image\" data-id=\"af75895\" data-element_type=\"widget\" data-e-type=\"widget\" data-widget_type=\"image.default\">\n\t\t\t\t\t\t\t\t\t\t\t\t\t\t\t\t<a href=\"https:\/\/marokkospezialist.de\/wp-content\/uploads\/2026\/08\/marrkesch_souks-2.jpeg\" data-elementor-open-lightbox=\"yes\" data-e-action-hash=\"#elementor-action%3Aaction%3Dlightbox%26settings%3DeyJpZCI6MTY4MSwidXJsIjoiaHR0cHM6XC9cL21hcm9ra29zcGV6aWFsaXN0LmRlXC93cC1jb250ZW50XC91cGxvYWRzXC8yMDI2XC8wOFwvbWFycmtlc2NoX3NvdWtzLTIuanBlZyJ9\">\n\t\t\t\t\t\t\t<img loading=\"lazy\" decoding=\"async\" width=\"768\" height=\"1024\" src=\"https:\/\/marokkospezialist.de\/wp-content\/uploads\/2026\/08\/marrkesch_souks-2.jpeg\" class=\"attachment-large size-large wp-image-1681\" alt=\"\" srcset=\"https:\/\/marokkospezialist.de\/wp-content\/uploads\/2026\/08\/marrkesch_souks-2.jpeg 768w, https:\/\/marokkospezialist.de\/wp-content\/uploads\/2026\/08\/marrkesch_souks-2-225x300.jpeg 225w, https:\/\/marokkospezialist.de\/wp-content\/uploads\/2026\/08\/marrkesch_souks-2-9x12.jpeg 9w\" sizes=\"(max-width: 768px) 100vw, 768px\" \/>\t\t\t\t\t\t\t\t<\/a>\n\t\t\t\t\t\t\t\t\t\t\t\t\t\t\t<\/div>\n\t\t\t\t<div class=\"elementor-element elementor-element-e141dc5 elementor-widget elementor-widget-image\" data-id=\"e141dc5\" data-element_type=\"widget\" data-e-type=\"widget\" data-widget_type=\"image.default\">\n\t\t\t\t\t\t\t\t\t\t\t\t\t\t\t\t<a href=\"https:\/\/marokkospezialist.de\/wp-content\/uploads\/2026\/08\/todga_schlucht-1.jpeg\" data-elementor-open-lightbox=\"yes\" data-e-action-hash=\"#elementor-action%3Aaction%3Dlightbox%26settings%3DeyJpZCI6MTcwMCwidXJsIjoiaHR0cHM6XC9cL21hcm9ra29zcGV6aWFsaXN0LmRlXC93cC1jb250ZW50XC91cGxvYWRzXC8yMDI2XC8wOFwvdG9kZ2Ffc2NobHVjaHQtMS5qcGVnIn0%3D\">\n\t\t\t\t\t\t\t<img loading=\"lazy\" decoding=\"async\" width=\"768\" height=\"1024\" src=\"https:\/\/marokkospezialist.de\/wp-content\/uploads\/2026\/08\/todga_schlucht-1.jpeg\" class=\"attachment-medium_large size-medium_large wp-image-1700\" alt=\"\" srcset=\"https:\/\/marokkospezialist.de\/wp-content\/uploads\/2026\/08\/todga_schlucht-1.jpeg 768w, https:\/\/marokkospezialist.de\/wp-content\/uploads\/2026\/08\/todga_schlucht-1-225x300.jpeg 225w, https:\/\/marokkospezialist.de\/wp-content\/uploads\/2026\/08\/todga_schlucht-1-9x12.jpeg 9w\" sizes=\"(max-width: 768px) 100vw, 768px\" \/>\t\t\t\t\t\t\t\t<\/a>\n\t\t\t\t\t\t\t\t\t\t\t\t\t\t\t<\/div>\n\t\t\t\t<div class=\"elementor-element elementor-element-c6ef128 elementor-widget elementor-widget-image\" data-id=\"c6ef128\" data-element_type=\"widget\" data-e-type=\"widget\" data-widget_type=\"image.default\">\n\t\t\t\t\t\t\t\t\t\t\t\t<figure class=\"wp-caption\">\n\t\t\t\t\t\t\t\t\t\t<img loading=\"lazy\" decoding=\"async\" width=\"768\" height=\"576\" src=\"https:\/\/marokkospezialist.de\/wp-content\/uploads\/2026\/08\/wuestenhotel_mohayut-768x576.jpeg\" class=\"attachment-medium_large size-medium_large wp-image-1701\" alt=\"\" srcset=\"https:\/\/marokkospezialist.de\/wp-content\/uploads\/2026\/08\/wuestenhotel_mohayut-768x576.jpeg 768w, https:\/\/marokkospezialist.de\/wp-content\/uploads\/2026\/08\/wuestenhotel_mohayut-300x225.jpeg 300w, https:\/\/marokkospezialist.de\/wp-content\/uploads\/2026\/08\/wuestenhotel_mohayut-1024x768.jpeg 1024w, https:\/\/marokkospezialist.de\/wp-content\/uploads\/2026\/08\/wuestenhotel_mohayut-1536x1152.jpeg 1536w, https:\/\/marokkospezialist.de\/wp-content\/uploads\/2026\/08\/wuestenhotel_mohayut-16x12.jpeg 16w, https:\/\/marokkospezialist.de\/wp-content\/uploads\/2026\/08\/wuestenhotel_mohayut.jpeg 1600w\" sizes=\"(max-width: 768px) 100vw, 768px\" \/>\t\t\t\t\t\t\t\t\t\t\t<figcaption class=\"widget-image-caption wp-caption-text\">W\u00fcstenhotel Mohajut<\/figcaption>\n\t\t\t\t\t\t\t\t\t\t<\/figure>\n\t\t\t\t\t\t\t\t\t<\/div>\n\t\t\t\t<div class=\"elementor-element elementor-element-18ff988 elementor-widget elementor-widget-image\" data-id=\"18ff988\" data-element_type=\"widget\" data-e-type=\"widget\" data-widget_type=\"image.default\">\n\t\t\t\t\t\t\t\t\t\t\t\t<figure class=\"wp-caption\">\n\t\t\t\t\t\t\t\t\t\t\t<a href=\"https:\/\/marokkospezialist.de\/wp-content\/uploads\/2026\/08\/wuestenhotel_mohayut_02.jpeg\" data-elementor-open-lightbox=\"yes\" data-e-action-hash=\"#elementor-action%3Aaction%3Dlightbox%26settings%3DeyJpZCI6MTcxMiwidXJsIjoiaHR0cHM6XC9cL21hcm9ra29zcGV6aWFsaXN0LmRlXC93cC1jb250ZW50XC91cGxvYWRzXC8yMDI2XC8wOFwvd3Vlc3RlbmhvdGVsX21vaGF5dXRfMDIuanBlZyJ9\">\n\t\t\t\t\t\t\t<img loading=\"lazy\" decoding=\"async\" width=\"800\" height=\"600\" src=\"https:\/\/marokkospezialist.de\/wp-content\/uploads\/2026\/08\/wuestenhotel_mohayut_02-1024x768.jpeg\" class=\"attachment-large size-large wp-image-1712\" alt=\"\" srcset=\"https:\/\/marokkospezialist.de\/wp-content\/uploads\/2026\/08\/wuestenhotel_mohayut_02-1024x768.jpeg 1024w, https:\/\/marokkospezialist.de\/wp-content\/uploads\/2026\/08\/wuestenhotel_mohayut_02-300x225.jpeg 300w, https:\/\/marokkospezialist.de\/wp-content\/uploads\/2026\/08\/wuestenhotel_mohayut_02-768x576.jpeg 768w, https:\/\/marokkospezialist.de\/wp-content\/uploads\/2026\/08\/wuestenhotel_mohayut_02-1536x1152.jpeg 1536w, https:\/\/marokkospezialist.de\/wp-content\/uploads\/2026\/08\/wuestenhotel_mohayut_02-16x12.jpeg 16w, https:\/\/marokkospezialist.de\/wp-content\/uploads\/2026\/08\/wuestenhotel_mohayut_02.jpeg 1600w\" sizes=\"(max-width: 800px) 100vw, 800px\" \/>\t\t\t\t\t\t\t\t<\/a>\n\t\t\t\t\t\t\t\t\t\t\t<figcaption class=\"widget-image-caption wp-caption-text\">Mohajut Garten<\/figcaption>\n\t\t\t\t\t\t\t\t\t\t<\/figure>\n\t\t\t\t\t\t\t\t\t<\/div>\n\t\t\t\t<div class=\"elementor-element elementor-element-5a93ebc elementor-widget elementor-widget-image\" data-id=\"5a93ebc\" data-element_type=\"widget\" data-e-type=\"widget\" data-widget_type=\"image.default\">\n\t\t\t\t\t\t\t\t\t\t\t\t<figure class=\"wp-caption\">\n\t\t\t\t\t\t\t\t\t\t\t<a href=\"https:\/\/marokkospezialist.de\/wp-content\/uploads\/2026\/08\/wuestencamp.jpeg\" data-elementor-open-lightbox=\"yes\" data-e-action-hash=\"#elementor-action%3Aaction%3Dlightbox%26settings%3DeyJpZCI6MTcwOCwidXJsIjoiaHR0cHM6XC9cL21hcm9ra29zcGV6aWFsaXN0LmRlXC93cC1jb250ZW50XC91cGxvYWRzXC8yMDI2XC8wOFwvd3Vlc3RlbmNhbXAuanBlZyJ9\">\n\t\t\t\t\t\t\t<img loading=\"lazy\" decoding=\"async\" width=\"768\" height=\"578\" src=\"https:\/\/marokkospezialist.de\/wp-content\/uploads\/2026\/08\/wuestencamp-768x578.jpeg\" class=\"attachment-medium_large size-medium_large wp-image-1708\" alt=\"\" srcset=\"https:\/\/marokkospezialist.de\/wp-content\/uploads\/2026\/08\/wuestencamp-768x578.jpeg 768w, https:\/\/marokkospezialist.de\/wp-content\/uploads\/2026\/08\/wuestencamp-300x226.jpeg 300w, https:\/\/marokkospezialist.de\/wp-content\/uploads\/2026\/08\/wuestencamp-1024x771.jpeg 1024w, https:\/\/marokkospezialist.de\/wp-content\/uploads\/2026\/08\/wuestencamp-1536x1156.jpeg 1536w, https:\/\/marokkospezialist.de\/wp-content\/uploads\/2026\/08\/wuestencamp-16x12.jpeg 16w, https:\/\/marokkospezialist.de\/wp-content\/uploads\/2026\/08\/wuestencamp.jpeg 1600w\" sizes=\"(max-width: 768px) 100vw, 768px\" \/>\t\t\t\t\t\t\t\t<\/a>\n\t\t\t\t\t\t\t\t\t\t\t<figcaption class=\"widget-image-caption wp-caption-text\">Mohajut-Camp<\/figcaption>\n\t\t\t\t\t\t\t\t\t\t<\/figure>\n\t\t\t\t\t\t\t\t\t<\/div>\n\t\t\t\t<\/div>\n\t\t\t\t<\/div>\n\t\t\t\t<\/div>","protected":false},"excerpt":{"rendered":"<p>Klassische Rundreise &#8211; 15 Tage Die Reise zum Kennenlernen des Landes. Sie ber\u00fchrt alle Kernpunkte &#8211; die St\u00e4dte, den Atlantik, das Atlasgebirge und die W\u00fcste. Sie ist so konzipiert, da\u00df Abenteuer, Kultur und Erholung gleicherma\u00dfen zu genie\u00dfen sind.\u00a0 01. Tag\u00a0 \u00a0Ankunft in Casablanca Abholung durch unseren Fahrer vom Flughafen und Transfer ins Hotel (4*, F) [&hellip;]<\/p>\n","protected":false},"author":1,"featured_media":0,"parent":0,"menu_order":0,"comment_status":"closed","ping_status":"closed","template":"","meta":{"footnotes":""},"class_list":["post-769","page","type-page","status-publish","hentry"],"_links":{"self":[{"href":"https:\/\/marokkospezialist.de\/en\/wp-json\/wp\/v2\/pages\/769","targetHints":{"allow":["GET"]}}],"collection":[{"href":"https:\/\/marokkospezialist.de\/en\/wp-json\/wp\/v2\/pages"}],"about":[{"href":"https:\/\/marokkospezialist.de\/en\/wp-json\/wp\/v2\/types\/page"}],"author":[{"embeddable":true,"href":"https:\/\/marokkospezialist.de\/en\/wp-json\/wp\/v2\/users\/1"}],"replies":[{"embeddable":true,"href":"https:\/\/marokkospezialist.de\/en\/wp-json\/wp\/v2\/comments?post=769"}],"version-history":[{"count":10,"href":"https:\/\/marokkospezialist.de\/en\/wp-json\/wp\/v2\/pages\/769\/revisions"}],"predecessor-version":[{"id":1721,"href":"https:\/\/marokkospezialist.de\/en\/wp-json\/wp\/v2\/pages\/769\/revisions\/1721"}],"wp:attachment":[{"href":"https:\/\/marokkospezialist.de\/en\/wp-json\/wp\/v2\/media?parent=769"}],"curies":[{"name":"wp","href":"https:\/\/api.w.org\/{rel}","templated":true}]}}